{"id":5706,"date":"2025-08-18T16:18:05","date_gmt":"2025-08-18T14:18:05","guid":{"rendered":"https:\/\/shiftingeconomy.brussels\/shifting-economy-day-programme\/"},"modified":"2025-09-25T11:24:45","modified_gmt":"2025-09-25T09:24:45","slug":"shifting-economy-day-programme","status":"publish","type":"page","link":"https:\/\/shiftingeconomy.brussels\/nl\/shifting-economy-day-programme\/","title":{"rendered":"Shifting Economy Day &#8211; Programma"},"content":{"rendered":"\n<p>Sluit u op <strong>dinsdag 30 september<\/strong> aan in <strong>Studio 4<\/strong>, <strong>Flagey<\/strong> om samen de Brusselse economische transitie te vieren!<\/p>\n\n\n\n<div style=\"height:50px\" aria-hidden=\"true\" class=\"wp-block-spacer\"><\/div>\n\n\n\n<h4 class=\"wp-block-heading\">13u30-14u00 | Onthaal<\/h4>\n\n\n\n<details class=\"wp-block-details is-layout-flow wp-block-details-is-layout-flow\"><summary>Meer info<\/summary>\n<p>Deuren open: een gezellig moment om vertrouwde gezichten terug te zien, nieuwe ge\u00ebngageerde profielen te ontmoeten en het startschot te geven voor de Shifting Economy Day! Koffie, badges en brochures wachten op u in de inkomhal.<\/p>\n<\/details>\n\n\n\n<div style=\"height:40px\" aria-hidden=\"true\" class=\"wp-block-spacer\"><\/div>\n\n\n\n<h4 class=\"wp-block-heading\">14u00-14u10 | Welkomstwoord<\/h4>\n\n\n\n<details class=\"wp-block-details is-layout-flow wp-block-details-is-layout-flow\"><summary>Meer info<\/summary>\n<p>We openen deze dag met een welkomstwoord om de intenties van het evenement te schetsen: heldere analyse, dialoog en gedeelde ambitie voor de economische transformatie in Brussel op een cruciaal moment.&nbsp;<\/p>\n<\/details>\n\n\n\n<hr class=\"wp-block-separator has-alpha-channel-opacity\"\/>\n\n\n\n<h4 class=\"wp-block-heading\"><strong>14u10-15u20 | Deel 1 <strong>&#8220;<\/strong>In de storm: het herdenken van de territoriale economie in tijden van crisis&#8221;<\/strong>&nbsp;<\/h4>\n\n\n\n<figure class=\"wp-block-image size-large\"><img fetchpriority=\"high\" decoding=\"async\" width=\"2240\" height=\"780\" src=\"https:\/\/shiftingeconomy.brussels\/wp-content\/uploads\/2025\/09\/2-1500x522.png\" alt=\"\" class=\"wp-image-5947\" srcset=\"https:\/\/shiftingeconomy.brussels\/wp-content\/uploads\/2025\/09\/2-1500x522.png 1500w, https:\/\/shiftingeconomy.brussels\/wp-content\/uploads\/2025\/09\/2-450x157.png 450w, https:\/\/shiftingeconomy.brussels\/wp-content\/uploads\/2025\/09\/2-768x267.png 768w, https:\/\/shiftingeconomy.brussels\/wp-content\/uploads\/2025\/09\/2-1536x535.png 1536w, https:\/\/shiftingeconomy.brussels\/wp-content\/uploads\/2025\/09\/2-2048x713.png 2048w\" sizes=\"(max-width: 2240px) 100vw, 2240px\" \/><\/figure>\n\n\n\n<div style=\"height:20px\" aria-hidden=\"true\" class=\"wp-block-spacer\"><\/div>\n\n\n\n<details class=\"wp-block-details is-layout-flow wp-block-details-is-layout-flow\"><summary><strong>14u10-14u30 &#8220;Geopolitiek en transitie: een slechte combinatie?&#8221;<\/strong><\/summary>\n<p>Hoe vinden grote economische transities hun plaats in een wereld van crisissen \u2013 klimaat, energie, sociaal, veiligheid ? Deze openingssessie biedt een dubbele blik, zowel institutioneel als analytisch, om de machtsverhoudingen en hun invloed op transitiekeuzes te begrijpen, met een kritische lezing van de huidige economische dynamieken: inflatie, werkgelegenheid, groene investeringen\u2026 Wat zeggen de macro-economische indicatoren en wat betekent dit voor het regionale beleid? En hoe kunnen we de Brusselse prioriteiten positioneren in het licht van het Europese industrie-, concurrentie- en transitiebeleid?&nbsp;<br><br><strong>Speakers:<\/strong>&nbsp;<br><em><strong>Alexandr Hobza<\/strong> \u2013 Hoofdeconoom bij het kabinet van de uitvoerend vicevoorzitter van de Europese Commissie voor Welvaart en Industri\u00eble Strategie, St\u00e9phane S\u00e9journ\u00e9<br><strong>Philippe Ledent<\/strong> \u2013 Senior econoom bij ING<\/em><\/p>\n\n\n\n<p><\/p>\n\n\n\n<p><\/p>\n<\/details>\n\n\n\n<div style=\"height:20px\" aria-hidden=\"true\" class=\"wp-block-spacer\"><\/div>\n\n\n\n<details class=\"wp-block-details is-layout-flow wp-block-details-is-layout-flow\"><summary><strong>14u30-15u00 &#8220;Brussel op een kruispunt: keuzes maken, betekenis geven&#8221;<\/strong><\/summary>\n<p>Deze sessie biedt een strategische stand van zaken over de toestand van de Brusselse economie. Statistische gegevens, sectorale verschuivingen, territoriale uitdagingen: waar staan we \u00e9cht in de transitie? Welke keuzes zijn al gemaakt, en welke moeten nog genomen worden? Welke sectoren kunnen dragers zijn van gunstige economische ontwikkeling in de Brusselse context? Een interventie waarin de expertise van de bevoegde administraties wordt gekruist over actuele, brandende kwesties!&nbsp;<br><br><strong>Speakers:<\/strong>&nbsp;<br><em><strong><em>Aina Astudillo Fernandez <\/em><\/strong>&#8211; <em>Data Manager bij het Brussels Instituut voor Statistiek en Analyse<\/em> (BISA)<br><em><strong>Anthony Naralingom<\/strong> &#8211; Head of Unit \u2018Clustering\u2019 bij hub.brussels&nbsp;<\/em>&nbsp;<br><em><strong>Alexandre Ferr\u00e3o Santos<\/strong> &#8211; Projectmedewerker Territoriale Strategie bij perspective.brussels&nbsp;<\/em><\/em><\/p>\n<\/details>\n\n\n\n<div style=\"height:40px\" aria-hidden=\"true\" class=\"wp-block-spacer\"><\/div>\n\n\n\n<h4 class=\"wp-block-heading\"><strong>15u20-15u40 | <\/strong>Coffee Break<\/h4>\n\n\n\n<hr class=\"wp-block-separator has-alpha-channel-opacity\"\/>\n\n\n\n<h4 class=\"wp-block-heading\"><strong>15u40-17u10 | <\/strong>Deel 2 <strong>&#8220;<\/strong>Een regio in transformatie: concrete bewijzen van een economie in transitie&#8221;<\/h4>\n\n\n\n<figure class=\"wp-block-image size-large\"><img decoding=\"async\" width=\"1400\" height=\"1000\" src=\"https:\/\/shiftingeconomy.brussels\/wp-content\/uploads\/2025\/09\/2-2-1400x1000.png\" alt=\"\" class=\"wp-image-6002\" srcset=\"https:\/\/shiftingeconomy.brussels\/wp-content\/uploads\/2025\/09\/2-2-1400x1000.png 1400w, https:\/\/shiftingeconomy.brussels\/wp-content\/uploads\/2025\/09\/2-2-420x300.png 420w, https:\/\/shiftingeconomy.brussels\/wp-content\/uploads\/2025\/09\/2-2-768x549.png 768w, https:\/\/shiftingeconomy.brussels\/wp-content\/uploads\/2025\/09\/2-2-1536x1097.png 1536w, https:\/\/shiftingeconomy.brussels\/wp-content\/uploads\/2025\/09\/2-2-2048x1463.png 2048w\" sizes=\"(max-width: 1400px) 100vw, 1400px\" \/><\/figure>\n\n\n\n<div style=\"height:20px\" aria-hidden=\"true\" class=\"wp-block-spacer\"><\/div>\n\n\n\n<details class=\"wp-block-details is-layout-flow wp-block-details-is-layout-flow\"><summary>Meer info<\/summary>\n<p>De economische transitie : abstract of veraf? Ze is nochtans heel concreet aanwezig in Brussel. In deze sessie komen een tiental actoren op het terrein hun projecten delen, hun successen maar ook hun uitdagingen. Een levendig en concreet portret van de transitie, in alle sectoren en thematieken: productie, voeding, digitaal, begeleiding, publieke instrumenten\u2026&nbsp;<br><br><strong>Speakers:<\/strong>&nbsp;<br><em><em><em><strong>Nicolas Michaux<\/strong> &#8211; Capitane COOP<\/em>&nbsp;<br><em><strong>Roldan Descamps<\/strong> &#8211; Mekanika<\/em>&nbsp;<br><strong><em>Aur\u00e9lie Carr\u00e9<\/em><\/strong> &#8211; <em>Les \u00e9coles europ\u00e9ennes<\/em>&nbsp;<br><em><strong>Virginie Huber<\/strong> &#8211; Proximus<\/em><\/em><\/em><br><em><strong>Sacha Mariotte &#8211; <\/strong>Plant your mood<em>&nbsp;<br><strong><em>Lauriane Tribel <\/em><\/strong>&#8211; <em>Chirec<\/em><br><em><strong>Arthur Fogel<\/strong> &#8211; Refoodgees<\/em><br><em><strong>Margarita Hernandez-Dispaux &#8211; <\/strong>Casa Legal<\/em><br><em><strong>Louise-Gabrielle<\/strong> <strong>Hervouet<\/strong> &#8211; hub.brussels<\/em><\/em><\/em><\/p>\n<\/details>\n\n\n\n<div style=\"height:40px\" aria-hidden=\"true\" class=\"wp-block-spacer\"><\/div>\n\n\n\n<h4 class=\"wp-block-heading\"><strong>17u10-17u30 | Coffee Break<\/strong>&nbsp;<\/h4>\n\n\n\n<hr class=\"wp-block-separator has-alpha-channel-opacity\"\/>\n\n\n\n<h4 class=\"wp-block-heading\"><strong>17u30-18u40 | Deel 3 &#8220;Het grote debat: transitie voor wie, en hoe?&#8221;<\/strong> <\/h4>\n\n\n\n<figure class=\"wp-block-image size-large\"><img decoding=\"async\" width=\"1400\" height=\"1000\" src=\"https:\/\/shiftingeconomy.brussels\/wp-content\/uploads\/2025\/09\/4-1400x1000.png\" alt=\"\" class=\"wp-image-5991\" srcset=\"https:\/\/shiftingeconomy.brussels\/wp-content\/uploads\/2025\/09\/4-1400x1000.png 1400w, https:\/\/shiftingeconomy.brussels\/wp-content\/uploads\/2025\/09\/4-420x300.png 420w, https:\/\/shiftingeconomy.brussels\/wp-content\/uploads\/2025\/09\/4-768x549.png 768w, https:\/\/shiftingeconomy.brussels\/wp-content\/uploads\/2025\/09\/4-1536x1097.png 1536w, https:\/\/shiftingeconomy.brussels\/wp-content\/uploads\/2025\/09\/4-2048x1463.png 2048w\" sizes=\"(max-width: 1400px) 100vw, 1400px\" \/><\/figure>\n\n\n\n<div style=\"height:20px\" aria-hidden=\"true\" class=\"wp-block-spacer\"><\/div>\n\n\n\n<details class=\"wp-block-details is-layout-flow wp-block-details-is-layout-flow\"><summary><strong>17u30-18u05 &#8220;Eerste panel: transitie voor wie?&#8221; (+Q&amp;A)<\/strong><\/summary>\n<p>Dit eerste debat richt zich op de sociale, territoriale en ondernemerschapsdimensies van de economische transitie. Wat zijn de re\u00eble effecten op werkgelegenheid, vooral voor laaggeschoolde of kwetsbare werknemers? Hoe ondersteunen we kleine bedrijven en zelfstandigen, vaak in de frontlinie van de transitie-eisen?&nbsp;<br>De sprekers analyseren ook de Brusselse territoriale dynamieken: ongelijkheden tussen wijken, sociaal-economische polarisatie, achtergestelde of veranderende zones. Door deze kruisbestuiving van perspectieven belicht het panel spanningen \u2013 maar ook kansen \u2013 rond het vinden van een evenwicht tussen sociale inclusie, lokale economische vitaliteit en territoriale rechtvaardigheid.&nbsp;<br><br>Moderatie door <strong>Chlo\u00e9 Iweins<\/strong> \u2013 facilitator in innovatie en medeoprichter van Cirkl.<br><br><strong>Speakers:<\/strong>&nbsp;<br><em><strong>Celie Huybens <\/strong>\u2013 Adviseur bij de studiedienst van het <em><em>Algemeen Christelijk Vakverbond (ACV)<\/em> \/ Conf\u00e9d\u00e9ration des Syndicats Chr\u00e9tiens (CSC)<\/em> en voor het Brussels Hoofdstedelijk Gewest<br><strong>Louis Collinet <\/strong>\u2013 CEO van TAPIO<br><strong>Julie Huntz <\/strong>\u2013 Adviseur voor het Brussels Hoofdstedelijk Gewest bij UNIZO<\/em><\/p>\n\n\n\n<p><\/p>\n<\/details>\n\n\n\n<div style=\"height:20px\" aria-hidden=\"true\" class=\"wp-block-spacer\"><\/div>\n\n\n\n<details class=\"wp-block-details is-layout-flow wp-block-details-is-layout-flow\"><summary><strong>18u05-18u40 &#8220;Tweede panel: transitie \u2013 met welke instrumenten?&#8221; (+ Q&amp;A)<\/strong><\/summary>\n<p>Een economie veranderen vraagt krachtige, duidelijke en goed gerichte hefbomen. Dit tweede panel gaat in op de strategische keuzes die nodig zijn om de economische transitie te versnellen, waarbij de uitdagingen rond financiering, regelgeving en governance worden geconfronteerd.&nbsp;<br>Mobilisatie van publieke en private middelen, ESG-criteria, afwegingen tussen klimaatnoodzaak, concurrentiekracht en sociale inclusie: welke instrumenten hebben we vandaag, en welke moeten worden versterkt of uitgevonden?&nbsp;<br><br>De deelnemers bespreken ook de institutionele en partnerschapsinnovaties die nodig zijn om huidige blokkades \u2013 administratief, politiek of cultureel \u2013 te doorbreken, met een tastbare en meetbare impact op het terrein.&nbsp;<br><br>Moderatie door <strong>Maxime Paquay<\/strong> \u2013 journalist bij l&#8217;Echo. <\/p>\n\n\n\n<p><strong>Speakers:<\/strong>&nbsp;<br><em><em><strong>Adrienne Nizet<\/strong> &#8211; Change Programme Manager bij The Shift&nbsp;<br><strong>Michel Verstraeten<\/strong> &#8211; Head of Business Banking van Triodos Bank Belgium&nbsp;<br><strong>Pierre Harkay<\/strong> &#8211; CEO van Impact Finance&nbsp;Belgium<\/em><\/em><br><strong><em>Marion Alecian <\/em><\/strong><em>&#8211; Atelier de Recherche et d\u2019action Urbaines<\/em><\/p>\n<\/details>\n\n\n\n<div style=\"height:40px\" aria-hidden=\"true\" class=\"wp-block-spacer\"><\/div>\n\n\n\n<hr class=\"wp-block-separator has-alpha-channel-opacity\"\/>\n\n\n\n<h4 class=\"wp-block-heading\">Slotsessie<\/h4>\n\n\n\n<figure class=\"wp-block-image size-large\"><img loading=\"lazy\" decoding=\"async\" width=\"1500\" height=\"522\" src=\"https:\/\/shiftingeconomy.brussels\/wp-content\/uploads\/2025\/09\/4-1-1500x522.png\" alt=\"\" class=\"wp-image-5998\" srcset=\"https:\/\/shiftingeconomy.brussels\/wp-content\/uploads\/2025\/09\/4-1-1500x522.png 1500w, https:\/\/shiftingeconomy.brussels\/wp-content\/uploads\/2025\/09\/4-1-450x157.png 450w, https:\/\/shiftingeconomy.brussels\/wp-content\/uploads\/2025\/09\/4-1-768x267.png 768w, https:\/\/shiftingeconomy.brussels\/wp-content\/uploads\/2025\/09\/4-1-1536x535.png 1536w, https:\/\/shiftingeconomy.brussels\/wp-content\/uploads\/2025\/09\/4-1-2048x713.png 2048w\" sizes=\"(max-width: 1500px) 100vw, 1500px\" \/><\/figure>\n\n\n\n<h4 class=\"wp-block-heading\">18u40-18u50 | Slotwoord van Barbara Trachte, Staatssecretaris van Economische Transitie van de Brusselse Hoofdstedelijke Regering<\/h4>\n\n\n\n<div style=\"height:40px\" aria-hidden=\"true\" class=\"wp-block-spacer\"><\/div>\n\n\n\n<h4 class=\"wp-block-heading\">18u50-19u10 | Afsluiten met een glimlach met Dena<\/h4>\n\n\n\n<details class=\"wp-block-details is-layout-flow wp-block-details-is-layout-flow\"><summary>Meer info<\/summary>\n<p>Na het denkwerk is er ook ruimte voor (zelf)spot: een vleugje humor sluit onze avond vol analyses en idee\u00ebn op een luchtige en eigenzinnige manier af, met het talent van d\u00e9 cabaretier van het moment, Dena!&nbsp;<\/p>\n<\/details>\n\n\n\n<div style=\"height:40px\" aria-hidden=\"true\" class=\"wp-block-spacer\"><\/div>\n\n\n\n<hr class=\"wp-block-separator has-alpha-channel-opacity\"\/>\n\n\n\n<h4 class=\"wp-block-heading\">19u10-&#8230; | Walking Musical Dinner<\/h4>\n\n\n\n<details class=\"wp-block-details is-layout-flow wp-block-details-is-layout-flow\"><summary>Meer info<\/summary>\n<p>Ga het gesprek aan tijdens een walking dinner, begeleid door live muziek. De perfecte gelegenheid om nieuwe contacten te leggen, vrijuit te praten en de dynamieken in beweging te vieren.<\/p>\n<\/details>\n\n\n\n<div class=\"wp-block-buttons is-content-justification-center is-layout-flex wp-container-core-buttons-is-layout-16018d1d wp-block-buttons-is-layout-flex\">\n<div class=\"wp-block-button\"><a class=\"wp-block-button__link wp-element-button\" href=\"https:\/\/shiftingeconomy.brussels\/nl\/inschrijving-sed25\/\" target=\"_blank\" rel=\"noreferrer noopener\">Zich inschrijven aan de Shifting Economy Day 2025<\/a><\/div>\n<\/div>\n\n\n\n<p><\/p>\n","protected":false},"excerpt":{"rendered":"<p>Sluit u op dinsdag 30 september aan in Studio 4, Flagey om samen de Brusselse [&hellip;]<\/p>\n","protected":false},"author":8,"featured_media":5808,"parent":0,"menu_order":0,"comment_status":"closed","ping_status":"closed","template":"templates\/tpl-week-content.php","meta":{"_acf_changed":false,"footnotes":""},"class_list":["post-5706","page","type-page","status-publish","has-post-thumbnail","hentry"],"acf":[],"yoast_head":"<!-- This site is optimized with the Yoast SEO Premium plugin v18.4 (Yoast SEO v25.3) - https:\/\/yoast.com\/wordpress\/plugins\/seo\/ -->\n<title>Shifting Economy Day - Programma - Shifting Economy<\/title>\n<meta name=\"robots\" content=\"index, follow, max-snippet:-1, max-image-preview:large, max-video-preview:-1\" \/>\n<link rel=\"canonical\" href=\"https:\/\/shiftingeconomy.brussels\/nl\/shifting-economy-day-programme\/\" \/>\n<meta property=\"og:locale\" content=\"nl_NL\" \/>\n<meta property=\"og:type\" content=\"article\" \/>\n<meta property=\"og:title\" content=\"Shifting Economy Day - Programma\" \/>\n<meta property=\"og:description\" content=\"Sluit u op dinsdag 30 september aan in Studio 4, Flagey om samen de Brusselse [&hellip;]\" \/>\n<meta property=\"og:url\" content=\"https:\/\/shiftingeconomy.brussels\/nl\/shifting-economy-day-programme\/\" \/>\n<meta property=\"og:site_name\" content=\"Shifting Economy\" \/>\n<meta property=\"article:modified_time\" content=\"2025-09-25T09:24:45+00:00\" \/>\n<meta property=\"og:image\" content=\"https:\/\/shiftingeconomy.brussels\/wp-content\/uploads\/2025\/08\/Banners_BI_General_horizontal.png\" \/>\n\t<meta property=\"og:image:width\" content=\"1920\" \/>\n\t<meta property=\"og:image:height\" content=\"1008\" \/>\n\t<meta property=\"og:image:type\" content=\"image\/png\" \/>\n<meta name=\"twitter:card\" content=\"summary_large_image\" \/>\n<meta name=\"twitter:site\" content=\"@Shifting_Bru\" \/>\n<meta name=\"twitter:label1\" content=\"Geschatte leestijd\" \/>\n\t<meta name=\"twitter:data1\" content=\"6 minuten\" \/>\n<script type=\"application\/ld+json\" class=\"yoast-schema-graph\">{\"@context\":\"https:\/\/schema.org\",\"@graph\":[{\"@type\":\"WebPage\",\"@id\":\"https:\/\/shiftingeconomy.brussels\/nl\/shifting-economy-day-programme\/\",\"url\":\"https:\/\/shiftingeconomy.brussels\/nl\/shifting-economy-day-programme\/\",\"name\":\"Shifting Economy Day - Programma - Shifting Economy\",\"isPartOf\":{\"@id\":\"https:\/\/shiftingeconomy.brussels\/#website\"},\"primaryImageOfPage\":{\"@id\":\"https:\/\/shiftingeconomy.brussels\/nl\/shifting-economy-day-programme\/#primaryimage\"},\"image\":{\"@id\":\"https:\/\/shiftingeconomy.brussels\/nl\/shifting-economy-day-programme\/#primaryimage\"},\"thumbnailUrl\":\"https:\/\/shiftingeconomy.brussels\/wp-content\/uploads\/2025\/08\/Banners_BI_General_horizontal.png\",\"datePublished\":\"2025-08-18T14:18:05+00:00\",\"dateModified\":\"2025-09-25T09:24:45+00:00\",\"breadcrumb\":{\"@id\":\"https:\/\/shiftingeconomy.brussels\/nl\/shifting-economy-day-programme\/#breadcrumb\"},\"inLanguage\":\"nl-NL\",\"potentialAction\":[{\"@type\":\"ReadAction\",\"target\":[\"https:\/\/shiftingeconomy.brussels\/nl\/shifting-economy-day-programme\/\"]}]},{\"@type\":\"ImageObject\",\"inLanguage\":\"nl-NL\",\"@id\":\"https:\/\/shiftingeconomy.brussels\/nl\/shifting-economy-day-programme\/#primaryimage\",\"url\":\"https:\/\/shiftingeconomy.brussels\/wp-content\/uploads\/2025\/08\/Banners_BI_General_horizontal.png\",\"contentUrl\":\"https:\/\/shiftingeconomy.brussels\/wp-content\/uploads\/2025\/08\/Banners_BI_General_horizontal.png\",\"width\":1920,\"height\":1008},{\"@type\":\"BreadcrumbList\",\"@id\":\"https:\/\/shiftingeconomy.brussels\/nl\/shifting-economy-day-programme\/#breadcrumb\",\"itemListElement\":[{\"@type\":\"ListItem\",\"position\":1,\"name\":\"Accueil\",\"item\":\"https:\/\/shiftingeconomy.brussels\/nl\/\"},{\"@type\":\"ListItem\",\"position\":2,\"name\":\"Shifting Economy Day &#8211; Programma\"}]},{\"@type\":\"WebSite\",\"@id\":\"https:\/\/shiftingeconomy.brussels\/#website\",\"url\":\"https:\/\/shiftingeconomy.brussels\/\",\"name\":\"Shifting Economy\",\"description\":\"Ensemble, vers l&#039;\u00e9conomie de demain\",\"potentialAction\":[{\"@type\":\"SearchAction\",\"target\":{\"@type\":\"EntryPoint\",\"urlTemplate\":\"https:\/\/shiftingeconomy.brussels\/?s={search_term_string}\"},\"query-input\":{\"@type\":\"PropertyValueSpecification\",\"valueRequired\":true,\"valueName\":\"search_term_string\"}}],\"inLanguage\":\"nl-NL\"}]}<\/script>\n<!-- \/ Yoast SEO Premium plugin. -->","yoast_head_json":{"title":"Shifting Economy Day - Programma - Shifting Economy","robots":{"index":"index","follow":"follow","max-snippet":"max-snippet:-1","max-image-preview":"max-image-preview:large","max-video-preview":"max-video-preview:-1"},"canonical":"https:\/\/shiftingeconomy.brussels\/nl\/shifting-economy-day-programme\/","og_locale":"nl_NL","og_type":"article","og_title":"Shifting Economy Day - Programma","og_description":"Sluit u op dinsdag 30 september aan in Studio 4, Flagey om samen de Brusselse [&hellip;]","og_url":"https:\/\/shiftingeconomy.brussels\/nl\/shifting-economy-day-programme\/","og_site_name":"Shifting Economy","article_modified_time":"2025-09-25T09:24:45+00:00","og_image":[{"width":1920,"height":1008,"url":"https:\/\/shiftingeconomy.brussels\/wp-content\/uploads\/2025\/08\/Banners_BI_General_horizontal.png","type":"image\/png"}],"twitter_card":"summary_large_image","twitter_site":"@Shifting_Bru","twitter_misc":{"Geschatte leestijd":"6 minuten"},"schema":{"@context":"https:\/\/schema.org","@graph":[{"@type":"WebPage","@id":"https:\/\/shiftingeconomy.brussels\/nl\/shifting-economy-day-programme\/","url":"https:\/\/shiftingeconomy.brussels\/nl\/shifting-economy-day-programme\/","name":"Shifting Economy Day - Programma - Shifting Economy","isPartOf":{"@id":"https:\/\/shiftingeconomy.brussels\/#website"},"primaryImageOfPage":{"@id":"https:\/\/shiftingeconomy.brussels\/nl\/shifting-economy-day-programme\/#primaryimage"},"image":{"@id":"https:\/\/shiftingeconomy.brussels\/nl\/shifting-economy-day-programme\/#primaryimage"},"thumbnailUrl":"https:\/\/shiftingeconomy.brussels\/wp-content\/uploads\/2025\/08\/Banners_BI_General_horizontal.png","datePublished":"2025-08-18T14:18:05+00:00","dateModified":"2025-09-25T09:24:45+00:00","breadcrumb":{"@id":"https:\/\/shiftingeconomy.brussels\/nl\/shifting-economy-day-programme\/#breadcrumb"},"inLanguage":"nl-NL","potentialAction":[{"@type":"ReadAction","target":["https:\/\/shiftingeconomy.brussels\/nl\/shifting-economy-day-programme\/"]}]},{"@type":"ImageObject","inLanguage":"nl-NL","@id":"https:\/\/shiftingeconomy.brussels\/nl\/shifting-economy-day-programme\/#primaryimage","url":"https:\/\/shiftingeconomy.brussels\/wp-content\/uploads\/2025\/08\/Banners_BI_General_horizontal.png","contentUrl":"https:\/\/shiftingeconomy.brussels\/wp-content\/uploads\/2025\/08\/Banners_BI_General_horizontal.png","width":1920,"height":1008},{"@type":"BreadcrumbList","@id":"https:\/\/shiftingeconomy.brussels\/nl\/shifting-economy-day-programme\/#breadcrumb","itemListElement":[{"@type":"ListItem","position":1,"name":"Accueil","item":"https:\/\/shiftingeconomy.brussels\/nl\/"},{"@type":"ListItem","position":2,"name":"Shifting Economy Day &#8211; Programma"}]},{"@type":"WebSite","@id":"https:\/\/shiftingeconomy.brussels\/#website","url":"https:\/\/shiftingeconomy.brussels\/","name":"Shifting Economy","description":"Ensemble, vers l&#039;\u00e9conomie de demain","potentialAction":[{"@type":"SearchAction","target":{"@type":"EntryPoint","urlTemplate":"https:\/\/shiftingeconomy.brussels\/?s={search_term_string}"},"query-input":{"@type":"PropertyValueSpecification","valueRequired":true,"valueName":"search_term_string"}}],"inLanguage":"nl-NL"}]}},"_links":{"self":[{"href":"https:\/\/shiftingeconomy.brussels\/nl\/wp-json\/wp\/v2\/pages\/5706","targetHints":{"allow":["GET"]}}],"collection":[{"href":"https:\/\/shiftingeconomy.brussels\/nl\/wp-json\/wp\/v2\/pages"}],"about":[{"href":"https:\/\/shiftingeconomy.brussels\/nl\/wp-json\/wp\/v2\/types\/page"}],"author":[{"embeddable":true,"href":"https:\/\/shiftingeconomy.brussels\/nl\/wp-json\/wp\/v2\/users\/8"}],"replies":[{"embeddable":true,"href":"https:\/\/shiftingeconomy.brussels\/nl\/wp-json\/wp\/v2\/comments?post=5706"}],"version-history":[{"count":24,"href":"https:\/\/shiftingeconomy.brussels\/nl\/wp-json\/wp\/v2\/pages\/5706\/revisions"}],"predecessor-version":[{"id":6005,"href":"https:\/\/shiftingeconomy.brussels\/nl\/wp-json\/wp\/v2\/pages\/5706\/revisions\/6005"}],"wp:featuredmedia":[{"embeddable":true,"href":"https:\/\/shiftingeconomy.brussels\/nl\/wp-json\/wp\/v2\/media\/5808"}],"wp:attachment":[{"href":"https:\/\/shiftingeconomy.brussels\/nl\/wp-json\/wp\/v2\/media?parent=5706"}],"curies":[{"name":"wp","href":"https:\/\/api.w.org\/{rel}","templated":true}]}}